{"id":347,"date":"2014-12-23T01:36:49","date_gmt":"2014-12-23T03:36:49","guid":{"rendered":"http:\/\/www.daniela.pro.br\/site\/?page_id=347"},"modified":"2026-04-10T08:35:30","modified_gmt":"2026-04-10T11:35:30","slug":"2012-2","status":"publish","type":"page","link":"https:\/\/www.secpf.com.br\/site\/direitos\/convencoes-coletivas\/2012-2\/","title":{"rendered":"Conven\u00e7\u00f5es Coletivas 2012"},"content":{"rendered":"<h2><\/h2>\n<h2>Conven\u00e7\u00f5es Coletivas<\/h2>\n<h3><span style=\"color: #993300;\">Vig\u00eancia no ano de 2012<\/span><\/h3>\n<p>&nbsp;<\/p>\n<table border=\"0\" width=\"890\" cellspacing=\"15\" cellpadding=\"8\">\n<tbody>\n<tr style=\"background-color: #a61717;\">\n<td style=\"width: 120px;\" width=\"142\"><span style=\"color: #ffffff;\"><strong>Instrumento<\/strong><\/span><\/td>\n<td style=\"width: 120px;\" width=\"167\"><span style=\"color: #ffffff;\"><strong>Vig\u00eancia<\/strong><\/span><\/td>\n<td style=\"width: 580px;\" width=\"354\"><span style=\"color: #ffffff;\"><strong>Empregador<\/strong><\/span><\/td>\n<\/tr>\n<tr>\n<td style=\"width: 120px; text-align: left;\" width=\"142\">Conven\u00e7\u00e3o Coletiva<\/td>\n<td style=\"width: 120px; text-align: center;\" width=\"167\">01\/04\/2012 &#8211; 31\/03\/2013<\/td>\n<td style=\"width: 580px; text-align: left;\" width=\"354\"><a href=\"http:\/\/www.secpf.com.br\/convencoes\/2012\/010412a310313-comercio_varejista.pdf\" target=\"_blank\">COMERCIO VAREJISTA<\/a><\/td>\n<\/tr>\n<tr>\n<td style=\"width: 120px; text-align: left;\" width=\"142\">Conven\u00e7\u00e3o Coletiva<\/td>\n<td style=\"width: 120px; text-align: center;\" width=\"167\">01\/04\/2012 &#8211; 31\/05\/2013<\/td>\n<td style=\"width: 580px; text-align: left;\" width=\"354\"><a href=\"http:\/\/www.secpf.com.br\/convencoes\/2012\/010412a310513-concessionarios_distribuidores_veiculos.pdf\" target=\"_blank\">CONCESSIONARIOS E DISTRIBUIDORES DE VEICULOS<\/a><\/td>\n<\/tr>\n<tr>\n<td style=\"width: 120px; text-align: left;\" width=\"142\">Conven\u00e7\u00e3o Coletiva<\/td>\n<td style=\"width: 120px; text-align: center;\" width=\"167\">01\/06\/2012 &#8211; 31\/05\/2013<\/td>\n<td style=\"width: 580px; text-align: left;\" width=\"354\"><a href=\"http:\/\/www.secpf.com.br\/convencoes\/2012\/010612a310513-comercio_varejista_veiculos_pecas-ext_base.pdf\" target=\"_blank\">COMERCIO VAREJISTA VEICULOS E PECAS<\/a><\/td>\n<\/tr>\n<tr>\n<td style=\"width: 120px; text-align: left;\" width=\"142\">Conven\u00e7\u00e3o Coletiva<\/td>\n<td style=\"width: 120px; text-align: center;\" width=\"167\">01\/04\/2011 &#8211; 31\/03\/2012<\/td>\n<td style=\"width: 580px; text-align: left;\" width=\"354\"><a href=\"http:\/\/www.secpf.com.br\/convencoes\/2012\/010411a310312-comercio_varejista.pdf\" target=\"_blank\">COMERCIO VAREJISTA<\/a><\/td>\n<\/tr>\n<tr>\n<td style=\"width: 120px; text-align: left;\" width=\"142\">Acordo Coletivo<\/td>\n<td style=\"width: 120px; text-align: center;\" width=\"167\">01\/01\/2011 &#8211; 31\/12\/2012<\/td>\n<td style=\"width: 580px; text-align: left;\" width=\"354\"><a href=\"http:\/\/www.secpf.com.br\/convencoes\/2012\/010111a311212-grazziotin_e_gzt.pdf\" target=\"_blank\">GRAZZIOTIN S A\u00a0E GZT<\/a><\/td>\n<\/tr>\n<tr>\n<td style=\"width: 120px; text-align: left;\" width=\"142\">Conven\u00e7\u00e3o Coletiva<\/td>\n<td style=\"width: 120px; text-align: center;\" width=\"167\">01\/03\/2011 &#8211; 30\/04\/2012<\/td>\n<td style=\"width: 580px; text-align: left;\" width=\"354\"><a href=\"http:\/\/www.secpf.com.br\/convencoes\/2012\/010311a300412-servicos_funerarios_e_material_optico-ext_base.pdf\" target=\"_blank\">ESTABELECIMENTOS DE SERVICOS FUNERARIOS \u00a0E MATERIAIS OPTICOS &#8211; EXTENS\u00c3O DE BASE<\/a><\/td>\n<\/tr>\n<tr>\n<td style=\"width: 120px; text-align: left;\" width=\"142\">Conven\u00e7\u00e3o Coletiva<\/td>\n<td style=\"width: 120px; text-align: center;\" width=\"167\">01\/03\/2011 &#8211; 30\/04\/2012<\/td>\n<td style=\"width: 580px; text-align: left;\" width=\"354\"><a href=\"http:\/\/www.secpf.com.br\/convencoes\/2012\/010311a300412-comercio_varejista_generos_alimenticios-ext_base.pdf\" target=\"_blank\">COMERCIO VAREJISTA DE GENEROS ALIMENTICIOS &#8211; EXTENS\u00c3O DE BASE<\/a><\/td>\n<\/tr>\n<tr>\n<td style=\"width: 120px; text-align: left;\" width=\"142\">Conven\u00e7\u00e3o Coletiva<\/td>\n<td style=\"width: 120px; text-align: center;\" width=\"167\">01\/03\/2011 &#8211; 30\/04\/2012<\/td>\n<td style=\"width: 580px; text-align: left;\" width=\"354\"><a href=\"http:\/\/www.secpf.com.br\/convencoes\/2012\/010311a300412-comercio_atacadista_alimentos_bebidas-ext_base.pdf\" target=\"_blank\">COMERCIO ATACADISTA DE ALIMENTOS E BEBIDAS &#8211; EXTENS\u00c3O DE BASE<\/a><\/td>\n<\/tr>\n<tr>\n<td style=\"width: 120px; text-align: left;\" width=\"142\">Conven\u00e7\u00e3o Coletiva<\/td>\n<td style=\"width: 120px; text-align: center;\" width=\"167\">01\/03\/2011 &#8211; 30\/04\/2012<\/td>\n<td style=\"width: 580px; text-align: left;\" width=\"354\"><a href=\"http:\/\/www.secpf.com.br\/convencoes\/2012\/010311a300412-comercio_varejista_produtos_farmaceuticos-guapore.pdf\" target=\"_blank\">COMERCIO VAREJISTA DE PRODUTOS FARMACEUTICOS &#8211; GUAPOR\u00c9\/RS<\/a><\/td>\n<\/tr>\n<tr>\n<td style=\"width: 120px; text-align: left;\" width=\"142\">Conven\u00e7\u00e3o Coletiva<\/td>\n<td style=\"width: 120px; text-align: center;\" width=\"167\">01\/04\/2011 &#8211; 31\/05\/2012<\/td>\n<td style=\"width: 580px; text-align: left;\" width=\"354\"><a href=\"http:\/\/www.secpf.com.br\/convencoes\/2012\/010411a310512-concessionarios_distribuidores_veiculos.pdf\" target=\"_blank\">CONCESSIONARIOS E DISTRIBUIDORES DE VEICULOS<\/a><\/td>\n<\/tr>\n<tr>\n<td style=\"width: 120px; text-align: left;\" width=\"142\">Termo Aditivo<\/td>\n<td style=\"width: 120px; text-align: center;\" width=\"167\">01\/04\/2012 &#8211; 31\/05\/2013<\/td>\n<td style=\"width: 580px; text-align: left;\" width=\"354\"><a href=\"http:\/\/www.secpf.com.br\/convencoes\/2012\/010412a310513-concessionarios_distribuidores_veiculos-aditivo.pdf\" target=\"_blank\">CONCESSIONARIOS E DISTRIBUIDORES DE VEICULOS<\/a><\/td>\n<\/tr>\n<tr>\n<td style=\"width: 120px; text-align: left;\" width=\"142\">Conven\u00e7\u00e3o Coletiva<\/td>\n<td style=\"width: 120px; text-align: center;\" width=\"167\">01\/04\/2012 &#8211; 31\/03\/2013<\/td>\n<td style=\"width: 580px; text-align: left;\" width=\"354\"><a href=\"http:\/\/www.secpf.com.br\/convencoes\/2012\/010412a310313-comercio_varejista_farmacias.pdf\" target=\"_blank\">COMERCIO VAREJISTA DE FARMACIAS<\/a><\/td>\n<\/tr>\n<tr>\n<td style=\"width: 120px; text-align: left;\" width=\"142\">Conven\u00e7\u00e3o Coletiva<\/td>\n<td style=\"width: 120px; text-align: center;\" width=\"167\">01\/06\/2011 &#8211; 31\/05\/2012<\/td>\n<td style=\"width: 580px; text-align: left;\" width=\"354\"><a href=\"http:\/\/www.secpf.com.br\/convencoes\/2012\/010611a310512-comercio_varejista_veiculos_pecas-ext_base.pdf\" target=\"_blank\">COMERCIO VAREJISTA DE VEICULOS E PECAS &#8211; EXTENS\u00c3O DE BASE<\/a><\/td>\n<\/tr>\n<tr>\n<td style=\"width: 120px; text-align: left;\" width=\"142\">Conven\u00e7\u00e3o Coletiva<\/td>\n<td style=\"width: 120px; text-align: center;\" width=\"167\">01\/04\/2011 &#8211; 31\/03\/2012<\/td>\n<td style=\"width: 580px; text-align: left;\" width=\"354\"><a href=\"http:\/\/www.secpf.com.br\/convencoes\/2012\/010411a310312-comercio_varejista_farmacias.pdf\" target=\"_blank\">COMERCIO VAREJISTA DE FARMACIAS<\/a><\/td>\n<\/tr>\n<tr>\n<td style=\"width: 120px; text-align: left;\" width=\"142\">Conven\u00e7\u00e3o Coletiva<\/td>\n<td style=\"width: 120px; text-align: center;\" width=\"167\">01\/03\/2012 &#8211; 28\/02\/2013<\/td>\n<td style=\"width: 580px; text-align: left;\" width=\"354\"><a href=\"http:\/\/www.secpf.com.br\/convencoes\/2012\/010312a280213-comercio_varejista_generos_alimenticios.pdf\" target=\"_blank\">COMERCIO VAREJISTA DE GENEROS ALIMENTICIOS<\/a><\/td>\n<\/tr>\n<tr>\n<td style=\"width: 120px; text-align: left;\" width=\"142\">Conven\u00e7\u00e3o Coletiva<\/td>\n<td style=\"width: 120px; text-align: center;\" width=\"167\">01\/03\/2012 &#8211; 28\/02\/2013<\/td>\n<td style=\"width: 580px; text-align: left;\" width=\"354\"><a href=\"http:\/\/www.secpf.com.br\/convencoes\/2012\/010312a280213-comercio_varejista_produtos_farmaceuticos-guapore.pdf\" target=\"_blank\">COMERCIO VAREJISTA DE PRODUTOS FARMACEUTICOS &#8211; GUAPOR\u00c9\/RS<\/a><\/td>\n<\/tr>\n<tr>\n<td style=\"width: 120px; text-align: left;\" width=\"142\">Conven\u00e7\u00e3o Coletiva<\/td>\n<td style=\"width: 120px; text-align: center;\" width=\"167\">01\/04\/2011 &#8211; 31\/03\/2012<\/td>\n<td style=\"width: 580px; text-align: left;\" width=\"354\"><a href=\"http:\/\/www.secpf.com.br\/convencoes\/2012\/010411a310312-comercio_atacadista_e_atacadista_alim_beb-pf.pdf\" target=\"_blank\">COMERCIO ATACADISTA E ATACADISTA DE ALIMENTOS E BEBIDAS &#8211; PASSO FUNDO<\/a><\/td>\n<\/tr>\n<tr>\n<td style=\"width: 120px; text-align: left;\" width=\"142\">Conven\u00e7\u00e3o Coletiva<\/td>\n<td style=\"width: 120px; text-align: center;\" width=\"167\">01\/03\/2012 &#8211; 28\/02\/2013<\/td>\n<td style=\"width: 580px; text-align: left;\" width=\"354\"><a href=\"http:\/\/www.secpf.com.br\/convencoes\/2012\/010312a280213-servicos_funerarios_e_material_optico-ext_base.pdf\" target=\"_blank\">ESTABELECIMENTOS DE SERVICOS FUNERARIOS E MATERIAIS OPTICOS &#8211; EXTENS\u00c3O DE BASE<\/a><\/td>\n<\/tr>\n<tr>\n<td style=\"width: 120px; text-align: left;\" width=\"142\">Conven\u00e7\u00e3o Coletiva<\/td>\n<td style=\"width: 120px; text-align: center;\" width=\"167\">01\/03\/2012 &#8211; 28\/02\/2013<\/td>\n<td style=\"width: 580px; text-align: left;\" width=\"354\"><a href=\"http:\/\/www.secpf.com.br\/convencoes\/2012\/010312a280213-comercio_atacadista-ext_base.pdf\" target=\"_blank\">COMERCIO ATACADISTA &#8211; EXTENS\u00c3O DE BASE<\/a><\/td>\n<\/tr>\n<tr>\n<td style=\"width: 120px; text-align: left;\" width=\"142\">Conven\u00e7\u00e3o Coletiva<\/td>\n<td style=\"width: 120px; text-align: center;\" width=\"167\">01\/04\/2012 &#8211; 31\/03\/2013<\/td>\n<td style=\"width: 580px; text-align: left;\" width=\"354\"><a href=\"http:\/\/www.secpf.com.br\/convencoes\/2012\/010412a310313-comercio_atacadista_e_atacadista_alim_beb-pf.pdf\" target=\"_blank\">COMERCIO ATACADISTA E ATACADISTA DE ALIMENTOS E BEBIDAS &#8211; PASSO FUNDO<\/a><\/td>\n<\/tr>\n<tr>\n<td style=\"width: 120px; text-align: left;\" width=\"142\">Conven\u00e7\u00e3o Coletiva<\/td>\n<td style=\"width: 120px; text-align: center;\" width=\"167\">01\/03\/2012 &#8211; 28\/03\/2013<\/td>\n<td style=\"width: 580px; text-align: left;\" width=\"354\"><a href=\"http:\/\/www.secpf.com.br\/convencoes\/2012\/010312a280313-comercio_atacadista_alimentos_bebidas-ext_base.pdf\" target=\"_blank\">COMERCIO ATACADISTA DE ALIMENTOS E BEBIDAS &#8211; EXTENS\u00c3O DE BASE<\/a><\/td>\n<\/tr>\n<\/tbody>\n<\/table>\n<p>&nbsp;<\/p>\n","protected":false},"excerpt":{"rendered":"<p>Conven\u00e7\u00f5es Coletivas Vig\u00eancia no ano de 2012 &nbsp; Instrumento Vig\u00eancia Empregador Conven\u00e7\u00e3o Coletiva 01\/04\/2012 &#8211; 31\/03\/2013 COMERCIO VAREJISTA Conven\u00e7\u00e3o Coletiva<\/p>\n","protected":false},"author":1,"featured_media":0,"parent":219,"menu_order":2,"comment_status":"closed","ping_status":"closed","template":"","meta":{"colormag_page_container_layout":"default_layout","colormag_page_sidebar_layout":"default_layout","footnotes":""},"class_list":["post-347","page","type-page","status-publish","hentry"],"_links":{"self":[{"href":"https:\/\/www.secpf.com.br\/site\/wp-json\/wp\/v2\/pages\/347","targetHints":{"allow":["GET"]}}],"collection":[{"href":"https:\/\/www.secpf.com.br\/site\/wp-json\/wp\/v2\/pages"}],"about":[{"href":"https:\/\/www.secpf.com.br\/site\/wp-json\/wp\/v2\/types\/page"}],"author":[{"embeddable":true,"href":"https:\/\/www.secpf.com.br\/site\/wp-json\/wp\/v2\/users\/1"}],"replies":[{"embeddable":true,"href":"https:\/\/www.secpf.com.br\/site\/wp-json\/wp\/v2\/comments?post=347"}],"version-history":[{"count":11,"href":"https:\/\/www.secpf.com.br\/site\/wp-json\/wp\/v2\/pages\/347\/revisions"}],"predecessor-version":[{"id":1113,"href":"https:\/\/www.secpf.com.br\/site\/wp-json\/wp\/v2\/pages\/347\/revisions\/1113"}],"up":[{"embeddable":true,"href":"https:\/\/www.secpf.com.br\/site\/wp-json\/wp\/v2\/pages\/219"}],"wp:attachment":[{"href":"https:\/\/www.secpf.com.br\/site\/wp-json\/wp\/v2\/media?parent=347"}],"curies":[{"name":"wp","href":"https:\/\/api.w.org\/{rel}","templated":true}]}}