{"id":375,"date":"2014-12-23T01:47:53","date_gmt":"2014-12-23T03:47:53","guid":{"rendered":"http:\/\/www.daniela.pro.br\/site\/?page_id=375"},"modified":"2026-04-10T08:35:30","modified_gmt":"2026-04-10T11:35:30","slug":"2013-2","status":"publish","type":"page","link":"https:\/\/www.secpf.com.br\/site\/direitos\/convencoes-coletivas\/2013-2\/","title":{"rendered":"Conven\u00e7\u00f5es Coletivas  2013"},"content":{"rendered":"<h2><\/h2>\n<h2>Conven\u00e7\u00f5es Coletivas<\/h2>\n<h3><span style=\"color: #993300;\">Vig\u00eancia no ano de 2013<\/span><\/h3>\n<p>&nbsp;<\/p>\n<table border=\"0\" width=\"890\" cellspacing=\"15\" cellpadding=\"8\">\n<tbody>\n<tr>\n<td style=\"width: 120px; background-color: #a61717;\" width=\"150\"><span style=\"color: #ffffff;\"><strong>Instrumento<\/strong><\/span><\/td>\n<td style=\"width: 120px; background-color: #a61717;\" width=\"161\"><span style=\"color: #ffffff;\"><strong>Vig\u00eancia<\/strong><\/span><\/td>\n<td style=\"width: 120px; background-color: #a61717;\" width=\"492\"><span style=\"color: #ffffff;\"><strong>Empregador<\/strong><\/span><\/td>\n<\/tr>\n<tr>\n<td style=\"width: 120px;\" width=\"150\">Diss\u00eddio Coletivo<\/td>\n<td style=\"width: 120px; text-align: center;\" width=\"161\">01\/06\/2013 a 31\/05\/2014<\/td>\n<td style=\"width: 580px; text-align: left;\" width=\"492\"><a href=\"http:\/\/www.secpf.com.br\/convencoes\/2013\/010613a310514_comercio_varejista_veiculos_pecas-ext_base.pdf\" target=\"_blank\">COMERCIO VAREJISTA VEICULOS E PECAS E ACESS\u00d3RIOS DE VEICULOS<\/a><\/td>\n<\/tr>\n<tr>\n<td style=\"width: 120px;\" width=\"150\">Conven\u00e7\u00e3o Coletiva<\/td>\n<td style=\"width: 120px; text-align: center;\" width=\"161\">01\/04\/2013 &#8211; 31\/03\/2014<\/td>\n<td style=\"width: 580px; text-align: left;\" width=\"492\"><a href=\"http:\/\/www.secpf.com.br\/convencoes\/2013\/010413a310314-comercio_varejista_farmacias.pdf\" target=\"_blank\">COMERCIO VAREJISTA DE FARMACIAS, DROGARIAS<\/a><\/td>\n<\/tr>\n<tr>\n<td style=\"width: 120px;\" width=\"150\">Conven\u00e7\u00e3o Coletiva<\/td>\n<td style=\"width: 120px; text-align: center;\" width=\"161\">01\/04\/2012 &#8211; 31\/05\/2013<\/td>\n<td style=\"width: 580px; text-align: left;\" width=\"492\"><a href=\"http:\/\/www.secpf.com.br\/convencoes\/2013\/010412a310513-concessionarios_distribuidores_veiculos.pdf\" target=\"_blank\">CONCESSIONARIOS E DISTRIBUIDORES DE VEICULOS<\/a><\/td>\n<\/tr>\n<tr>\n<td style=\"width: 120px;\" width=\"150\">Conven\u00e7\u00e3o Coletiva<\/td>\n<td style=\"width: 120px; text-align: center;\" width=\"161\">01\/06\/2012 &#8211; 31\/05\/2013<\/td>\n<td style=\"width: 580px; text-align: left;\" width=\"492\"><a href=\"http:\/\/www.secpf.com.br\/convencoes\/2013\/010612a310513-comercio_varejista_veiculos_pecas_acessorios-ext_base.pdf\" target=\"_blank\">COMERCIO VAREJISTA VEICULOS E PECAS E ACESS\u00d3RIOS DE VEICULOS<\/a><\/td>\n<\/tr>\n<tr>\n<td style=\"width: 120px;\" width=\"150\">Acordo Coletivo<\/td>\n<td style=\"width: 120px; text-align: center;\" width=\"161\">01\/04\/2013 &#8211; 31\/03\/2014<\/td>\n<td style=\"width: 580px; text-align: left;\" width=\"492\"><a href=\"http:\/\/www.secpf.com.br\/convencoes\/2013\/010413a310314-companhia_zaffari.pdf\" target=\"_blank\">COMPANHIA ZAFFARI COMERCIO E INDUSTRIA<\/a><\/td>\n<\/tr>\n<tr>\n<td style=\"width: 120px;\" width=\"150\">Conven\u00e7\u00e3o Coletiva<\/td>\n<td style=\"width: 120px; text-align: center;\" width=\"161\">01\/03\/2013 &#8211; 25\/03\/2014<\/td>\n<td style=\"width: 580px; text-align: left;\" width=\"492\"><a href=\"http:\/\/www.secpf.com.br\/convencoes\/2013\/010313a250314-servicos_funerarios-ext_base.pdf\" target=\"_blank\">SERVICOS FUNERARIOS<\/a><\/td>\n<\/tr>\n<tr>\n<td style=\"width: 120px;\" width=\"150\">Conven\u00e7\u00e3o Coletiva<\/td>\n<td style=\"width: 120px; text-align: center;\" width=\"161\">01\/03\/2013 &#8211; 05\/05\/2014<\/td>\n<td style=\"width: 580px; text-align: left;\" width=\"492\"><a href=\"http:\/\/www.secpf.com.br\/convencoes\/2013\/010313a050514-comercio_varejista_produtos_farmaceuticos-guapore.pdf\" target=\"_blank\">COMERCIO VAREJISTA DE PRODUTOS FARMACEUTICOS &#8211; GUAPOR\u00c9\/RS<\/a><\/td>\n<\/tr>\n<tr>\n<td style=\"width: 120px;\" width=\"150\">Conven\u00e7\u00e3o Coletiva<\/td>\n<td style=\"width: 120px; text-align: center;\" width=\"161\">01\/03\/2013 &#8211; 05\/05\/2014<\/td>\n<td style=\"width: 580px; text-align: left;\" width=\"492\"><a href=\"http:\/\/www.secpf.com.br\/convencoes\/2013\/010313a050514-comercio_atacadista-ext_base.pdf\" target=\"_blank\">COMERCIO ATACADISTA &#8211; EXTENS\u00c3O DE BASE<\/a><\/td>\n<\/tr>\n<tr>\n<td style=\"width: 120px;\" width=\"150\">Termo Aditivo de Conven\u00e7\u00e3o Coletiva<\/td>\n<td style=\"width: 120px; text-align: center;\" width=\"161\">01\/04\/2012 &#8211; 31\/05\/2013<\/td>\n<td style=\"width: 580px; text-align: left;\" width=\"492\"><a href=\"http:\/\/www.secpf.com.br\/convencoes\/2013\/010412a310513-concessionarios_veiculos.pdf\" target=\"_blank\">CONCESSIONARIOS E DISTRIBUIDORES DE VEICULOS<\/a><\/td>\n<\/tr>\n<tr>\n<td style=\"width: 120px;\" width=\"150\">Conven\u00e7\u00e3o Coletiva<\/td>\n<td style=\"width: 120px; text-align: center;\" width=\"161\">01\/04\/2011 &#8211; 31\/03\/2013<\/td>\n<td style=\"width: 580px; text-align: left;\" width=\"492\"><a href=\"http:\/\/www.secpf.com.br\/convencoes\/2013\/010411a310313-comercio_varejista_generos_alimenticios-pf.pdf\" target=\"_blank\">COMERCIO VAREJISTA DE GENEROS ALIMENTICIOS DE PASSO FUNDO<\/a><\/td>\n<\/tr>\n<tr>\n<td style=\"width: 120px;\" width=\"150\">Conven\u00e7\u00e3o Coletiva<\/td>\n<td style=\"width: 120px; text-align: center;\" width=\"161\">01\/04\/2013 &#8211; 30\/06\/2014<\/td>\n<td style=\"width: 580px; text-align: left;\" width=\"492\"><a href=\"http:\/\/www.secpf.com.br\/convencoes\/2013\/010413a300614-comercio_atacadista-pf.pdf\" target=\"_blank\">COMERCIO ATACADISTA &#8211; PASSO FUNDO<\/a><\/td>\n<\/tr>\n<tr>\n<td style=\"width: 120px;\" width=\"150\">Conven\u00e7\u00e3o Coletiva<\/td>\n<td style=\"width: 120px; text-align: center;\" width=\"161\">01\/03\/2013 &#8211; 30\/06\/2014<\/td>\n<td style=\"width: 580px; text-align: left;\" width=\"492\"><a href=\"http:\/\/www.secpf.com.br\/convencoes\/2013\/010313a300614-comercio_atacadista_alimentos_bebidas-ext_base.pdf\" target=\"_blank\">COMERCIO ATACADISTA DE ALIMENTOS E BEBIDAS &#8211; EXTENS\u00c3O DE BASE<\/a><\/td>\n<\/tr>\n<tr>\n<td style=\"width: 120px;\" width=\"150\">Conven\u00e7\u00e3o Coletiva<\/td>\n<td style=\"width: 120px; text-align: center;\" width=\"161\">01\/04\/2013 &#8211; 31\/03\/2014<\/td>\n<td style=\"width: 580px; text-align: left;\" width=\"492\"><a href=\"http:\/\/www.secpf.com.br\/convencoes\/2013\/010413a310314-comercio_varejista.pdf\" target=\"_blank\">COMERCIO VAREJISTA<\/a><\/td>\n<\/tr>\n<tr>\n<td style=\"width: 120px;\" width=\"150\">Conven\u00e7\u00e3o Coletiva<\/td>\n<td style=\"width: 120px; text-align: center;\" width=\"161\">01\/04\/2012 &#8211; 31\/03\/2013<\/td>\n<td style=\"width: 580px; text-align: left;\" width=\"492\"><a href=\"http:\/\/www.secpf.com.br\/convencoes\/2013\/010412a310313-comercio_varejista_farmacias.pdf\" target=\"_blank\">COMERCIO VAREJISTA DE FARMACIAS E DROGARIAS<\/a><\/td>\n<\/tr>\n<tr>\n<td style=\"width: 120px;\" width=\"150\">Conven\u00e7\u00e3o Coletiva<\/td>\n<td style=\"width: 120px; text-align: center;\" width=\"161\">01\/04\/2013 &#8211; 31\/12\/2014<\/td>\n<td style=\"width: 580px; text-align: left;\" width=\"492\"><a href=\"http:\/\/www.secpf.com.br\/convencoes\/2013\/010413a311214-comercio_varejista_generos_alimenticios-pf.pdf\" target=\"_blank\">COMERCIO VAREJISTA DE GENEROS ALIMENTICIOS DE PASSO FUNDO<\/a><\/td>\n<\/tr>\n<tr>\n<td style=\"width: 120px;\" width=\"150\">Conven\u00e7\u00e3o Coletiva<\/td>\n<td style=\"width: 120px; text-align: center;\" width=\"161\">01\/03\/2012 &#8211; 28\/02\/2013<\/td>\n<td style=\"width: 580px; text-align: left;\" width=\"492\"><a href=\"http:\/\/www.secpf.com.br\/convencoes\/2013\/010312a280213-comercio_varejista_generos_alimenticios-ext_base.pdf\" target=\"_blank\">COMERCIO VAREJISTA DE GENEROS ALIMENTICIOS &#8211; EXTENS\u00c3O DE BASE<\/a><\/td>\n<\/tr>\n<tr>\n<td style=\"width: 120px;\" width=\"150\">Conven\u00e7\u00e3o Coletiva<\/td>\n<td style=\"width: 120px; text-align: center;\" width=\"161\">01\/04\/2011 &#8211; 31\/03\/2013<\/td>\n<td style=\"width: 580px; text-align: left;\" width=\"492\"><a href=\"http:\/\/www.secpf.com.br\/convencoes\/2013\/010411a310313-servicos_funerarios-pf.pdf\" target=\"_blank\">SERVICOS FUNERARIOS &#8211; PASSO FUNDO<\/a><\/td>\n<\/tr>\n<tr>\n<td style=\"width: 120px;\" width=\"150\">Conven\u00e7\u00e3o Coletiva<\/td>\n<td style=\"width: 120px; text-align: center;\" width=\"161\">01\/03\/2012 &#8211; 28\/02\/2013<\/td>\n<td style=\"width: 580px; text-align: left;\" width=\"492\"><a href=\"http:\/\/www.secpf.com.br\/convencoes\/2013\/010312a280213-comercio_varejista_produtos_farmaceuticos-guapore.pdf\" target=\"_blank\">COMERCIO VAREJISTA DE PRODUTOS FARMACEUTICOS &#8211; GUAPORE\/RS<\/a><\/td>\n<\/tr>\n<tr>\n<td style=\"width: 120px;\" width=\"150\">Conven\u00e7\u00e3o Coletiva<\/td>\n<td style=\"width: 120px; text-align: center;\" width=\"161\">01\/03\/2012 &#8211; 28\/02\/2013<\/td>\n<td style=\"width: 580px; text-align: left;\" width=\"492\"><a href=\"http:\/\/www.secpf.com.br\/convencoes\/2013\/010312a280213-servicos_funerarios-ext_base.pdf\" target=\"_blank\">SERVICOS FUNERARIOS &#8211; EXTENS\u00c3O DE BASE<\/a><\/td>\n<\/tr>\n<tr>\n<td style=\"width: 120px;\" width=\"150\">Conven\u00e7\u00e3o Coletiva<\/td>\n<td style=\"width: 120px; text-align: center;\" width=\"161\">01\/03\/2012 &#8211; 28\/02\/2013<\/td>\n<td style=\"width: 580px; text-align: left;\" width=\"492\"><a href=\"http:\/\/www.secpf.com.br\/convencoes\/2013\/010312a280213-comercio_atacadista-ext_base.pdf\" target=\"_blank\">COMERCIO ATACADISTA &#8211; EXTENS\u00c3O DE BASE<\/a><\/td>\n<\/tr>\n<tr>\n<td style=\"width: 120px;\" width=\"150\">Conven\u00e7\u00e3o Coletiva<\/td>\n<td style=\"width: 120px; text-align: center;\" width=\"161\">01\/04\/2012 &#8211; 31\/03\/2013<\/td>\n<td style=\"width: 580px; text-align: left;\" width=\"492\"><a href=\"http:\/\/www.secpf.com.br\/convencoes\/2013\/010412a310313-comercio_atacadista-pf.pdf\" target=\"_blank\">COMERCIO ATACADISTA &#8211; PASSO FUNDO<\/a><\/td>\n<\/tr>\n<tr>\n<td style=\"width: 120px;\" width=\"150\">Conven\u00e7\u00e3o Coletiva<\/td>\n<td style=\"width: 120px; text-align: center;\" width=\"161\">01\/03\/2012 &#8211; 28\/03\/2013<\/td>\n<td style=\"width: 580px; text-align: left;\" width=\"492\"><a href=\"http:\/\/www.secpf.com.br\/convencoes\/2013\/010312a280313-comercio_atacadista_alimentos_bebidas-ext_base.pdf\" target=\"_blank\">COMERCIO ATACADISTA DE ALIMENTOS E BEBIDAS\u00a0&#8211; EXTENS\u00c3O DE BASE<\/a><\/td>\n<\/tr>\n<\/tbody>\n<\/table>\n<p>&nbsp;<\/p>\n","protected":false},"excerpt":{"rendered":"<p>Conven\u00e7\u00f5es Coletivas Vig\u00eancia no ano de 2013 &nbsp; Instrumento Vig\u00eancia Empregador Diss\u00eddio Coletivo 01\/06\/2013 a 31\/05\/2014 COMERCIO VAREJISTA VEICULOS E<\/p>\n","protected":false},"author":1,"featured_media":0,"parent":219,"menu_order":1,"comment_status":"closed","ping_status":"closed","template":"","meta":{"colormag_page_container_layout":"default_layout","colormag_page_sidebar_layout":"default_layout","footnotes":""},"class_list":["post-375","page","type-page","status-publish","hentry"],"_links":{"self":[{"href":"https:\/\/www.secpf.com.br\/site\/wp-json\/wp\/v2\/pages\/375","targetHints":{"allow":["GET"]}}],"collection":[{"href":"https:\/\/www.secpf.com.br\/site\/wp-json\/wp\/v2\/pages"}],"about":[{"href":"https:\/\/www.secpf.com.br\/site\/wp-json\/wp\/v2\/types\/page"}],"author":[{"embeddable":true,"href":"https:\/\/www.secpf.com.br\/site\/wp-json\/wp\/v2\/users\/1"}],"replies":[{"embeddable":true,"href":"https:\/\/www.secpf.com.br\/site\/wp-json\/wp\/v2\/comments?post=375"}],"version-history":[{"count":5,"href":"https:\/\/www.secpf.com.br\/site\/wp-json\/wp\/v2\/pages\/375\/revisions"}],"predecessor-version":[{"id":862,"href":"https:\/\/www.secpf.com.br\/site\/wp-json\/wp\/v2\/pages\/375\/revisions\/862"}],"up":[{"embeddable":true,"href":"https:\/\/www.secpf.com.br\/site\/wp-json\/wp\/v2\/pages\/219"}],"wp:attachment":[{"href":"https:\/\/www.secpf.com.br\/site\/wp-json\/wp\/v2\/media?parent=375"}],"curies":[{"name":"wp","href":"https:\/\/api.w.org\/{rel}","templated":true}]}}